{"id":1208,"date":"2019-09-01T16:38:45","date_gmt":"2019-09-01T16:38:45","guid":{"rendered":"http:\/\/historisches-kirchhellen.de\/?page_id=1208"},"modified":"2019-09-01T16:38:45","modified_gmt":"2019-09-01T16:38:45","slug":"loebberts-heiligenhaeuschen","status":"publish","type":"page","link":"https:\/\/historisches-kirchhellen.de\/?page_id=1208","title":{"rendered":"L\u00f6bberts Heiligenh\u00e4uschen"},"content":{"rendered":"\n<p>Vielen, selbst alteingesessenen Kirchhellenern ist L\u00f6bberts Heiligenh\u00e4uschen und sein Standort nicht mehr bekannt. Es stand an der Ecke Hauptstra\u00dfe\/ Alleestra\u00dfe. Wenn das Bild des Mals nicht in der Festschrift zur Einweihung der neuen Johannes-Kirche von 1925 festgehalten w\u00e4re, so w\u00fcrde die Erinnerung daran v\u00f6llig verblasst sein. Das Heiligenh\u00e4uschen enthielt eine Pieta. Die Kapelle ist im Rahmen der Ausweitung der Stra\u00dfenkreuzung um 1935 abgerissen worden. Der Zeitpunkt wie auch der Grund f\u00fcr die Errichtung wird im Dunkeln bleiben. Unbekannt ist ebenfalls, ob sich je mit der St\u00e4tte irgendwelche Br\u00e4uche verbanden.<\/p>\n\n\n\n<p><em>Textquelle: abge\u00e4ndert nach Schriftenreihe Nr. 19 des Vereins f\u00fcr Orts- und Heimatkunde Kirchhellen<\/em><\/p>\n","protected":false},"excerpt":{"rendered":"<p>Vielen, selbst alteingesessenen Kirchhellenern ist L\u00f6bberts Heiligenh\u00e4uschen und sein Standort nicht mehr bekannt. Es stand an der Ecke Hauptstra\u00dfe\/ Alleestra\u00dfe. Wenn das Bild des Mals &hellip; <\/p>\n","protected":false},"author":1,"featured_media":0,"parent":118,"menu_order":31,"comment_status":"closed","ping_status":"closed","template":"","meta":{"_acf_changed":false,"footnotes":""},"class_list":["post-1208","page","type-page","status-publish","hentry"],"acf":[],"jetpack_sharing_enabled":true,"_links":{"self":[{"href":"https:\/\/historisches-kirchhellen.de\/index.php?rest_route=\/wp\/v2\/pages\/1208","targetHints":{"allow":["GET"]}}],"collection":[{"href":"https:\/\/historisches-kirchhellen.de\/index.php?rest_route=\/wp\/v2\/pages"}],"about":[{"href":"https:\/\/historisches-kirchhellen.de\/index.php?rest_route=\/wp\/v2\/types\/page"}],"author":[{"embeddable":true,"href":"https:\/\/historisches-kirchhellen.de\/index.php?rest_route=\/wp\/v2\/users\/1"}],"replies":[{"embeddable":true,"href":"https:\/\/historisches-kirchhellen.de\/index.php?rest_route=%2Fwp%2Fv2%2Fcomments&post=1208"}],"version-history":[{"count":0,"href":"https:\/\/historisches-kirchhellen.de\/index.php?rest_route=\/wp\/v2\/pages\/1208\/revisions"}],"up":[{"embeddable":true,"href":"https:\/\/historisches-kirchhellen.de\/index.php?rest_route=\/wp\/v2\/pages\/118"}],"wp:attachment":[{"href":"https:\/\/historisches-kirchhellen.de\/index.php?rest_route=%2Fwp%2Fv2%2Fmedia&parent=1208"}],"curies":[{"name":"wp","href":"https:\/\/api.w.org\/{rel}","templated":true}]}}