{"id":22195,"date":"2022-12-07T19:20:36","date_gmt":"2022-12-07T17:20:36","guid":{"rendered":"https:\/\/historisches-kirchhellen.de\/?page_id=22195"},"modified":"2022-12-07T19:20:37","modified_gmt":"2022-12-07T17:20:37","slug":"gebaeude-nr-50","status":"publish","type":"page","link":"https:\/\/historisches-kirchhellen.de\/?page_id=22195","title":{"rendered":"Geb\u00e4ude Nr. 50"},"content":{"rendered":"\n<p><strong>Scheune des K\u00f6tters Johann R\u00f6hling (Oberhofstra\u00dfe)<\/strong><\/p>\n\n\n\n<p>Diese Scheune geh\u00f6rte dem gegen\u00fcber wohnenden K\u00f6tter R\u00f6hling. Wie auch die umliegende Bebauung wurde sie im Zweiten Weltkrieg 1943 zerst\u00f6rt. <\/p>\n\n\n\n<p>Bilder des Geb\u00e4udes liegen nur in schlechter Qualit\u00e4t vor.<\/p>\n\n\n\n<figure class=\"wp-block-gallery has-nested-images columns-default is-cropped wp-block-gallery-1 is-layout-flex wp-block-gallery-is-layout-flex\">\n<figure class=\"wp-block-image size-full\"><a href=\"https:\/\/historisches-kirchhellen.de\/wp-content\/uploads\/2022\/12\/50.jpg\"><img loading=\"lazy\" decoding=\"async\" width=\"925\" height=\"694\" data-id=\"22354\" src=\"https:\/\/historisches-kirchhellen.de\/wp-content\/uploads\/2022\/12\/50.jpg\" alt=\"\" class=\"wp-image-22354\" srcset=\"https:\/\/historisches-kirchhellen.de\/wp-content\/uploads\/2022\/12\/50.jpg 925w, https:\/\/historisches-kirchhellen.de\/wp-content\/uploads\/2022\/12\/50-300x225.jpg 300w, https:\/\/historisches-kirchhellen.de\/wp-content\/uploads\/2022\/12\/50-768x576.jpg 768w\" sizes=\"auto, (max-width: 925px) 100vw, 925px\" \/><\/a><figcaption class=\"wp-element-caption\">Modell<\/figcaption><\/figure>\n<\/figure>\n","protected":false},"excerpt":{"rendered":"<p>Scheune des K\u00f6tters Johann R\u00f6hling (Oberhofstra\u00dfe) Diese Scheune geh\u00f6rte dem gegen\u00fcber wohnenden K\u00f6tter R\u00f6hling. Wie auch die umliegende Bebauung wurde sie im Zweiten Weltkrieg 1943 &hellip; <\/p>\n","protected":false},"author":1,"featured_media":0,"parent":22071,"menu_order":51,"comment_status":"closed","ping_status":"closed","template":"","meta":{"_acf_changed":false,"footnotes":""},"class_list":["post-22195","page","type-page","status-publish","hentry"],"acf":[],"jetpack_sharing_enabled":true,"_links":{"self":[{"href":"https:\/\/historisches-kirchhellen.de\/index.php?rest_route=\/wp\/v2\/pages\/22195","targetHints":{"allow":["GET"]}}],"collection":[{"href":"https:\/\/historisches-kirchhellen.de\/index.php?rest_route=\/wp\/v2\/pages"}],"about":[{"href":"https:\/\/historisches-kirchhellen.de\/index.php?rest_route=\/wp\/v2\/types\/page"}],"author":[{"embeddable":true,"href":"https:\/\/historisches-kirchhellen.de\/index.php?rest_route=\/wp\/v2\/users\/1"}],"replies":[{"embeddable":true,"href":"https:\/\/historisches-kirchhellen.de\/index.php?rest_route=%2Fwp%2Fv2%2Fcomments&post=22195"}],"version-history":[{"count":0,"href":"https:\/\/historisches-kirchhellen.de\/index.php?rest_route=\/wp\/v2\/pages\/22195\/revisions"}],"up":[{"embeddable":true,"href":"https:\/\/historisches-kirchhellen.de\/index.php?rest_route=\/wp\/v2\/pages\/22071"}],"wp:attachment":[{"href":"https:\/\/historisches-kirchhellen.de\/index.php?rest_route=%2Fwp%2Fv2%2Fmedia&parent=22195"}],"curies":[{"name":"wp","href":"https:\/\/api.w.org\/{rel}","templated":true}]}}